{"id":18,"date":"2016-08-02T22:06:54","date_gmt":"2016-08-02T22:06:54","guid":{"rendered":"http:\/\/sergiosachicompositor.com\/?page_id=18"},"modified":"2017-01-18T18:31:54","modified_gmt":"2017-01-18T18:31:54","slug":"bio","status":"publish","type":"page","link":"http:\/\/sergiosachicompositor.com\/?page_id=18","title":{"rendered":"MUITO PRAZER!"},"content":{"rendered":"<p><img loading=\"lazy\" class=\"alignnone size-full wp-image-6 aligncenter\" src=\"http:\/\/sergiosachicompositor.com\/wp-content\/uploads\/2016\/07\/sergiosachi2.jpg\" alt=\"sergiosachi\" width=\"2048\" height=\"1536\" srcset=\"http:\/\/sergiosachicompositor.com\/wp-content\/uploads\/2016\/07\/sergiosachi2.jpg 2048w, http:\/\/sergiosachicompositor.com\/wp-content\/uploads\/2016\/07\/sergiosachi2-90x68.jpg 90w, http:\/\/sergiosachicompositor.com\/wp-content\/uploads\/2016\/07\/sergiosachi2-300x225.jpg 300w, http:\/\/sergiosachicompositor.com\/wp-content\/uploads\/2016\/07\/sergiosachi2-768x576.jpg 768w, http:\/\/sergiosachicompositor.com\/wp-content\/uploads\/2016\/07\/sergiosachi2-1024x768.jpg 1024w\" sizes=\"(max-width: 2048px) 100vw, 2048px\" \/><\/p>\n<p><em>Nascido em S\u00e3o Paulo\/SP, SERGIO SACHI manifestou desde cedo sua aptid\u00e3o para a M\u00fasica, e sua imensa paix\u00e3o por ela. Especialmente pela Composi\u00e7\u00e3o e Cria\u00e7\u00e3o. Escreveu sua primeira can\u00e7\u00e3o aos 14 anos &#8211; fruto de um trabalho escolar. E, desde ent\u00e3o, nunca mais parou.<\/em><\/p>\n<p><em>Com 16 anos, fundou sua primeira Banda, de nome bastante inusitado: AXIBITE ABASCUMASTEMUS. Seus integrantes &#8211; colegas de escola &#8211; eram pouco aptos na \u00e1rea. Em raz\u00e3o disto, os primeiros tempos foram de muitas vaias por parte do p\u00fablico, nos festivais estudant\u00eds dos quais participavam. Mesmo assim, ao final de 1 ano de muito ensaio, lograram arrebatar alguns pr\u00eamios, bastante motivadores.<\/em><\/p>\n<p><em>Dissolvida a Banda, e decidido a seguir em frente, Sergio Sachi atendeu \u00e0 necedssidade premente de conhecer e aperfei\u00e7oar-se no of\u00edcio que escolheu. Assim, estudou Viol\u00e3o Cl\u00e1ssico com \u00c2ngela Muner, e, ap\u00f3s, cocluiu seu curso de M\u00fasica na Faculdade Paulista de Arre (FAP-ARTE). Al\u00ed, o contato com mestres do quilate de H.J.Koellreutter, Manoel Quezada, Yves R.Schmidt e outros contribuiu em muito para seu aperfei\u00e7oamento.<\/em><\/p>\n<p>&nbsp;<\/p>\n<p style=\"text-align: center;\">[Id optin-cat = 285]<\/p>\n<p>&nbsp;<\/p>\n<p><strong>&#8220;BOLINHO DE CARNE COM BERINJELA&#8221; &#8211; A BANDA<\/strong><\/p>\n<p><em>No ano de 1.981, Sachi fundou com outros amigos aquela que seria uma das Bandas de destaque no cen\u00e1rio musical paulistano e nacional. No rastro do chamado &#8220;Movimento dos Independentes&#8221;, a Banda &#8220;Bolinho de Carne com Berinjela&#8221; marcou presen\u00e7a. Em decorr\u00eancia do bloqueio que as grandes gravadoras impunham aos novos talentos, aqueles artistas se autofinanciavam e se autoproduziam. Era \u00e9poca de grande efervesc\u00eancia no cen\u00e1rio musical paulistano, e os chamados &#8220;espa\u00e7os independentes&#8221; abriam as portas para essa nova gera\u00e7\u00e3o. Assim, em locais como o Teatro Lyra Paulistana, o Espa\u00e7o Mambembe, o Espa\u00e7o Off, o Teatro do Bexiga, as Unidades do SESC\/SP, o Centro Cultural S\u00e3o Paulo e tantos outros, \u00a0o talento de Sergio Sachi e o &#8220;Bolinho&#8221; brilhou, ao lado de artistas como Arrigo Barnab\u00e9, Itamar Assum\u00e7\u00e3o, Grupo Rumo, Grupo L\u00edngua de Trapo e outros.<\/em><\/p>\n<p><em><strong><img loading=\"lazy\" class=\"alignnone size-medium wp-image-44 alignleft\" src=\"http:\/\/sergiosachicompositor.com\/wp-content\/uploads\/2016\/08\/bolinho1-300x256.jpg\" alt=\"bolinho1\" width=\"300\" height=\"256\" \/><\/strong><\/em><\/p>\n<p><em>O primeiro registro em est\u00fadio do trabalho da Banda \u00e9 o Compacto Duplo &#8220;Bolinho de Carne com Berinjela&#8221;, no qual est\u00e1 incluido o samba de breque &#8220;Obsess\u00e3o&#8221;, de G.Andreotti &#8211; sem d\u00favida o maior sucesso do Conjunto.<\/em><\/p>\n<p><em>O &#8220;Bolinho&#8221; \u00a0teve intensa atua\u00e7\u00e3o nos eventos &#8220;Semana Elis Regina&#8221;, promovidos pela Associa\u00e7\u00e3o &#8220;Elis em Movimento&#8221;, Estes eventos trazim diversos artistas ao longo da 3a semana de Janeiro, entre 1.9984 e 1.989. Mesclavam artistas revelados por Elis com novos talentos. O &#8220;Bolinho&#8221; foi considerado o melhor fruto deste projeto. Al\u00e9m das &#8220;Semanas&#8221;, a banda realizou in\u00fameros shows pelo Estado de SP, e tamb\u00e9m no Rio de Janeiro, Minas Gerais, Paran\u00e1 e outros. Participou tamb\u00e9m de in\u00fameros Projetos institucionais &#8211; &#8220;Arte nas Ruas&#8221;, &#8220;Som do Meio Dia&#8221; (PMSP), &#8220;Novos Talentos&#8221;, &#8220;S\u00e3o Jovens&#8221;, &#8220;M\u00fasica na Pra\u00e7a&#8221;, etc., promovidos por entidades como o SESC, a Secr.de Estado da Cultura\/SP, a R\u00e1dio USP e etc..<\/em><\/p>\n<p><em>&#8220;TUDO&#8221;, o LP da Banda foi lan\u00e7ado em 1.987, e teve a Produ\u00e7\u00e3o do Compositor FL\u00c1VIO PREZZI, que assina 2 das can\u00e7\u00f5es do \u00e1lbum &#8211; &#8220;Catzo, Por qu\u00ea?&#8221; e &#8220;Momento Infernal&#8221;.<\/em><\/p>\n<p style=\"text-align: left;\"><img loading=\"lazy\" class=\"alignnone size-medium wp-image-49\" src=\"http:\/\/sergiosachicompositor.com\/wp-content\/uploads\/2016\/08\/bolinho4-288x300.jpg\" alt=\"bolinho4\" width=\"288\" height=\"300\" \/>\u00a0<strong>LP &#8220;TUDO&#8221; \u00a0&#8211; Vinil\/1.987<\/strong><\/p>\n<p><img loading=\"lazy\" class=\"alignnone size-medium wp-image-50 alignleft\" src=\"http:\/\/sergiosachicompositor.com\/wp-content\/uploads\/2016\/08\/bolinho5-300x295.jpg\" alt=\"bolinho5\" width=\"300\" height=\"295\" \/><\/p>\n<p>;;;<\/p>\n<p>&nbsp;<\/p>\n<p>&nbsp;<\/p>\n<p><strong>CD &#8220;O RETORNO DOS N\u00c1UFRAGOS&#8221; &#8211; 2.004<\/strong><\/p>\n<p>&nbsp;<\/p>\n<p>&nbsp;<\/p>\n<p>&nbsp;<\/p>\n<p>&nbsp;<\/p>\n<p>CARREIRA SOLO<\/p>\n<p><em>Dissolvida a Banda, Sachi recolheu-se por um per\u00edodo, para reflex\u00f5es e amadurecimento. Retoma sua carreira no ano de 1.996, com o lan\u00e7amento do seu primeiro CD-Solo &#8211; &#8220;Figurino&#8221;. Simultaneamente, funda a ARTENOVA ESCOLA DE M\u00daSICA, onde pode dedicar-se tamb\u00e9m ao ensino musical e \u00e0 forma\u00e7\u00e3o de diversos profissionais na \u00e1rea musical. Dedicou-se tamb\u00e9m, neste per\u00edodo, \u00e0 Produ\u00e7\u00e3o Musical de outros artistas e \u00e0 elabora\u00e7\u00e3o de arranjos.<\/em><\/p>\n<p>&nbsp;<\/p>\n<p><img loading=\"lazy\" class=\"alignnone size-medium wp-image-45 alignleft\" src=\"http:\/\/sergiosachicompositor.com\/wp-content\/uploads\/2016\/08\/capa-figurino-300x234.jpg\" alt=\"\" width=\"300\" height=\"234\" srcset=\"http:\/\/sergiosachicompositor.com\/wp-content\/uploads\/2016\/08\/capa-figurino-300x234.jpg 300w, http:\/\/sergiosachicompositor.com\/wp-content\/uploads\/2016\/08\/capa-figurino-768x599.jpg 768w, http:\/\/sergiosachicompositor.com\/wp-content\/uploads\/2016\/08\/capa-figurino.jpg 960w\" sizes=\"(max-width: 300px) 100vw, 300px\" \/><\/p>\n<p><em>&#8220;FIGURINO&#8221;, o primeiro \u00e1lbum solo de Sergio Sachi, trouxe outras can\u00e7\u00f5es de sucesso al\u00e9m da faixa t\u00edtulo Destaque especial para os hits &#8220;Na Transversal do Tempo&#8221; e &#8220;Roseira&#8221;. Sachi acrescentou \u00e0s composi\u00e7\u00f5es pr\u00f3prias, can\u00e7\u00f5es de outros compositores &#8211; Carlinhos S\u00f3, Jofersi, Cristina Vasconcellos (com quem assina a parceria em &#8220;Pele&#8221;). Este \u00e1lbum, de estr\u00e9ia, foi ouvido e recomendado pelo grande Johny Alf, e teve sua primeira edi\u00e7\u00e3o, independente, esgotada 5 meses ap\u00f3s seu lan\u00e7amento, mesmo sem um sistema de distribui\u00e7\u00e3o adequada (&#8220;calcanhar de aquiles&#8221; dos produtores independentes).<\/em><\/p>\n<p><em>Na trilha deste \u00eaxito inicial, novos \u00e1lbuns vieram completando a produ\u00e7\u00e3o de Sergio Sachi:<\/em><\/p>\n<p><em>2.001 &#8211; \u00c1lbum &#8220;Vento da Mudan\u00e7a&#8221;<\/em><\/p>\n<p><em>2.004 &#8211; \u00c1lbum &#8220;O Retorno dos N\u00e1ufragos&#8221; (com banda Bolinho de Carne com Berinjela)<\/em><\/p>\n<p><em>2.006 &#8211; \u00c1lbum &#8220;Noturnas Cordas &#8211; M\u00fasica Para Viol\u00e3o Brasileiro&#8221; (Instrumental\/Viol\u00e3o)<\/em><\/p>\n<p><em>2.013 &#8211; \u00c1lbum &#8220;Arte&#8221;<\/em><\/p>\n<p><em>2.015 &#8211; \u00c1lbum &#8220;A Cela e o V\u00f4o&#8221;<\/em><\/p>\n<p><em>Encontra-se como projeto, no momento, o novo \u00e1lbum &#8220;Cora\u00e7\u00e3o do Mundo&#8221;. O compositor elabora medidas para meterializar esta nova Produ\u00e7\u00e3o.<\/em><\/p>\n<p>&nbsp;<\/p>\n<p><strong><em>Veja a Discografia completa de Sergio Sachi na P\u00e1gina &#8220;\u00c1LBUNS&#8221;<\/em><\/strong><\/p>\n<p>&nbsp;<\/p>\n<p><strong>A PROPOSTA EST\u00c9TICA<\/strong><\/p>\n<p><em>Das fontes que contribu\u00edram para a concep\u00e7\u00e3o est\u00e9tica de Sergio Sachi na constru\u00e7\u00e3o da sua proposta art\u00edstica jorram as cristalinas \u00e1guas da M\u00fasica Popular Brasileira. Seus &#8220;mestres&#8221; foram aqueles que lan\u00e7aram as bases irretoc\u00e1veis desta M\u00fasica de alta qualidade, que conquistou merecido espa\u00e7o n\u00e3o s\u00f3 no Brasil, como tamb\u00e9m no Exterior. E aqui falamos de Milton Nascimento, Chico Buarque, Tom Jobim e tantos outros. Sob o aspecto instrumental, violonista que \u00e9, Sergio Sachi buscou refer\u00eancias nos grandes violonistas brasileiros &#8211; Baden Powell, Paulinho Nogueira, Canhoto, e&#8230; Heitor Villa-Lobos, cuja Obra para Viol\u00e3o Brasileiro \u00e9 divisor de \u00e1guas. As grandes bandas internacionais dos anos 70 tamb\u00e9m fazem parte desta rica mistura &#8211; Led Zepellin, Deep Purple, Yes, Pink Flloyd, Beatles.<\/em><\/p>\n<p><em>Sob o aspecto liter\u00e1rio das suas can\u00e7\u00f5es, Sergio Sachi inova de forma original quanto ao conte\u00fado. As letras das can\u00e7\u00f5es s\u00e3o, como observou o saudoso Johny Alf,, de car\u00e1ter &#8220;existencialista&#8221;. Bem elaboradas e muito rebuscadas, provocam a introspec\u00e7\u00e3o do ouvinte. Tocam em pontos de sensibilidade raros, como poucos artistas t\u00eam a capacidade de realizar. Aqui, sugerimos, em especial, a leitura da letra da can\u00e7\u00e3o &#8220;A Cela e o V\u00f4o&#8221; &#8211; express\u00e3o integral da Proposta de Sergio Sachi. Quanto a este aspecto espec\u00edfico do conte\u00fado, Sergio Sachi busca refer\u00eancias de forma incisiva na Filosofia Esp\u00edrita. \u00c9 Artista dedicado \u00e0 constru\u00e7\u00e3o de uma nova linguagem &#8211; a &#8220;Arte do Esp\u00cdrito&#8221; &#8211; ESPIRARTE &#8211; ,pois cr\u00ea no papel fundamental que esta &#8220;nova Arte&#8221; desempenhar\u00e1 nas transforma\u00e7\u00f5es planet\u00e1rias do novo s\u00e9culo..<\/em><\/p>\n<p>&nbsp;<\/p>\n<p><strong>TEATRO E DRAMATURGIA<\/strong><\/p>\n<p><em>Paralelamente \u00e0 sua intensa produ\u00e7\u00e3o na \u00e1rea musical, Sergio Sachi tamb\u00e9m tem atua\u00e7\u00e3o na \u00e1rea teatral, com a produ\u00e7\u00e3o de trilhas sonoras e Textos. al\u00e9m de musicais. S\u00e3o de sua autoria o Musical &#8220;Olga &#8211; o Musical&#8221; (sobre a trajet\u00f3ria de Olga Bena\u00e1rio), e as Com\u00e9dias &#8220;Obsess\u00e3o I &#8211; Um\u00a0Esp\u00edrito me Persegue&#8221; e&#8221;Obsess\u00e3o II &#8211; O Genro e a\u00a0Sogra&#8221;.<\/em><\/p>\n<p><em>Veja maiores detalhes na P\u00e1gina espec\u00edfica &#8220;Teatro e Dramaturgia&#8221;.\u00a0<\/em><\/p>\n<p>&nbsp;<\/p>\n<p><strong>SAIBA MAIS <em>(<\/em><\/strong><em>Clique e acesse)<\/em><\/p>\n<p><a href=\"https:\/\/www.youtube.com\/results?search_query=SERGIO+SACHI\" target=\"_blank\">SERGIO SACHI NO YOUTUBE (Inscreva-se)<\/a><\/p>\n<p><a href=\"https:\/\/pt-br.facebook.com\/S%C3%A9rgio-Sachi-Compositor-230946653697030\/\" target=\"_blank\">FACEBOOK &#8211; SERGIO SACHI COMPOSITOR (Curta esta P\u00e1gina)<\/a><\/p>\n<p>&nbsp;<\/p>\n<p>INSCREVA-SE, E RECEBA ATUALIZA\u00c7\u00d5ES<\/p>\n<p style=\"text-align: center;\"><strong>QUER GANHAR, INTEIRAMENTE GR\u00c1TIS, O E-BOOK<\/strong><\/p>\n<p style=\"text-align: center;\"><strong>&#8220;A CELA E O V\u00d4O&#8221; COM TODAS AS LETRAS DAS CAN\u00c7\u00d5ES<\/strong><\/p>\n<p style=\"text-align: center;\"><strong>DESTE \u00daLTIMO \u00c1LBUM DE SERGIO SACHI?<\/strong><\/p>\n<p style=\"text-align: center;\"><img loading=\"lazy\" class=\"size-medium wp-image-204 aligncenter\" src=\"http:\/\/sergiosachicompositor.com\/wp-content\/uploads\/2016\/09\/capa3Dcelavoo-300x281-1-300x281-1-300x281-1-300x281-1-300x281-1-300x281.jpg\" alt=\"rp_capa3Dcelavoo-300x281-1-300x281-1-300x281-1-300x281-1-300x281.jpg\" width=\"300\" height=\"281\" \/><\/p>\n<p style=\"text-align: center;\"><em><strong>\u00c9 S\u00d3 DEIXAR SEU NOME E ENDERE\u00c7O DE E-MAIL<\/strong><\/em><\/p>\n<p style=\"text-align: center;\"><strong><a href=\"http:\/\/sergiosachicompositor.com\/?p=174\">CLIQUE AQU\u00cd E ACESSE O FORMUL\u00c1RIO<\/a><\/strong><\/p>\n<p style=\"text-align: center;\">\n<p>&nbsp;<\/p>\n<p>&nbsp;<\/p>\n<p>&nbsp;<\/p>\n<p>&nbsp;<\/p>\n","protected":false},"excerpt":{"rendered":"<p>Nascido em S\u00e3o Paulo\/SP, SERGIO SACHI manifestou desde cedo sua aptid\u00e3o para a M\u00fasica, e sua imensa paix\u00e3o <a class=\"read-more\" href=\"http:\/\/sergiosachicompositor.com\/?page_id=18\">&#8230; Read more<\/a><\/p>\n","protected":false},"author":1,"featured_media":0,"parent":0,"menu_order":1,"comment_status":"closed","ping_status":"closed","template":"","meta":[],"_links":{"self":[{"href":"http:\/\/sergiosachicompositor.com\/index.php?rest_route=\/wp\/v2\/pages\/18"}],"collection":[{"href":"http:\/\/sergiosachicompositor.com\/index.php?rest_route=\/wp\/v2\/pages"}],"about":[{"href":"http:\/\/sergiosachicompositor.com\/index.php?rest_route=\/wp\/v2\/types\/page"}],"author":[{"embeddable":true,"href":"http:\/\/sergiosachicompositor.com\/index.php?rest_route=\/wp\/v2\/users\/1"}],"replies":[{"embeddable":true,"href":"http:\/\/sergiosachicompositor.com\/index.php?rest_route=%2Fwp%2Fv2%2Fcomments&post=18"}],"version-history":[{"count":24,"href":"http:\/\/sergiosachicompositor.com\/index.php?rest_route=\/wp\/v2\/pages\/18\/revisions"}],"predecessor-version":[{"id":425,"href":"http:\/\/sergiosachicompositor.com\/index.php?rest_route=\/wp\/v2\/pages\/18\/revisions\/425"}],"wp:attachment":[{"href":"http:\/\/sergiosachicompositor.com\/index.php?rest_route=%2Fwp%2Fv2%2Fmedia&parent=18"}],"curies":[{"name":"wp","href":"https:\/\/api.w.org\/{rel}","templated":true}]}}